{"id":20368,"date":"2022-10-26T12:19:41","date_gmt":"2022-10-26T17:19:41","guid":{"rendered":"https:\/\/www.quipux.com\/web\/charge-of-congestion-and-urban-protected-air-zone-control\/"},"modified":"2025-03-11T13:05:39","modified_gmt":"2025-03-11T18:05:39","slug":"charge-of-congestion-and-urban-protected-air-zone-control","status":"publish","type":"page","link":"https:\/\/www.quipux.com\/web\/charge-of-congestion-and-urban-protected-air-zone-control\/?lang=pt-br","title":{"rendered":"Encarregado do Controle do Congestionamento e das Zonas A\u00e9reas Urbanas Protegidas"},"content":{"rendered":"<section class=\"wpb-content-wrapper\"><p>[vc_row full_width=&#8221;stretch_row_content_no_spaces&#8221; parallax=&#8221;content-moving-fade&#8221; bg_image=&#8221;16881&#8243; bg_color=&#8221;#262236&#8243; text_color=&#8221;light&#8221; top_padding=&#8221;150&#8243; bottom_padding=&#8221;150&#8243;][vc_column][vc_custom_heading text=&#8221;Taxa de congestionamento e controle das zonas a\u00e9reas urbanas protegidas&#8221; font_container=&#8221;tag:h1|text_align:left|color:%23ffffff&#8221; use_theme_fonts=&#8221;yes&#8221; css=&#8221;.vc_custom_1741715408148{padding-top: 80px !important;padding-right: 20px !important;padding-left: 20px !important;}&#8221;][\/vc_column][\/vc_row][vc_row top_padding=&#8221;40&#8243; bottom_padding=&#8221;40&#8243;][vc_column][vc_row_inner][vc_column_inner width=&#8221;2\/3&#8243;][block_title style=&#8221;column_title&#8221; inner_style=&#8221;inline_border_circle&#8221; title=&#8221;Uma solu\u00e7\u00e3o que visa reduzir o impacto ambiental negativo do tr\u00e1fego na cidade, bem como encontrar outra alternativa para financiar os transportes p\u00fablicos.&#8221;][\/block_title][\/vc_column_inner][vc_column_inner width=&#8221;1\/3&#8243;][\/vc_column_inner][\/vc_row_inner][vc_row_inner css=&#8221;.vc_custom_1665161964085{padding-top: 20px !important;}&#8221;][vc_column_inner width=&#8221;1\/6&#8243;][\/vc_column_inner][vc_column_inner width=&#8221;2\/4&#8243;][vc_custom_heading text=&#8221;Plataforma tecnol\u00f3gica que permite \u00e0 autoridade controlar a entrada de ve\u00edculos nas Zonas A\u00e9reas Urbanas Protegidas (ZUAP), de acordo com as diretrizes estabelecidas no regulamento. \u00c9 composta por c\u00e2meras de reconhecimento autom\u00e1tico de placas (ANPR) e um sistema central de informa\u00e7\u00f5es que, por meio de processos anal\u00edticos e de interoperabilidade, identificar\u00e1 se o ve\u00edculo est\u00e1 autorizado a entrar.&#8221; font_container=&#8221;tag:p|text_align:left&#8221; use_theme_fonts=&#8221;yes&#8221;][\/vc_column_inner][\/vc_row_inner][\/vc_column][\/vc_row][vc_row top_padding=&#8221;100&#8243;][vc_column][vc_video link=&#8221;https:\/\/youtu.be\/UEJZ5gN4cnc&#8221; align=&#8221;center&#8221;][\/vc_column][\/vc_row][vc_row][vc_column width=&#8221;1\/4&#8243;][\/vc_column][vc_column width=&#8221;3\/4&#8243;][block_title style=&#8221;column_title&#8221; title=&#8221;N\u00e3o confundir uma zona ZUAP com&#8230;&#8221;][\/block_title][vc_column_text]N\u00e3o se trata de portagens urbanas ou taxas de congestionamento. Tamb\u00e9m n\u00e3o s\u00e3o medidas destinadas a um modo espec\u00edfico, nem medidas isoladas, porque a Zona Urbana Protegida do Ar \u00e9 alcan\u00e7ada atrav\u00e9s de uma abordagem integrada.[\/vc_column_text][\/vc_column][\/vc_row][vc_row top_padding=&#8221;40&#8243;][vc_column][vc_row_inner][vc_column_inner][block_title title=&#8221;Benef\u00edcios&#8221;][\/block_title][\/vc_column_inner][\/vc_row_inner][vc_row_inner css=&#8221;.vc_custom_1665533633874{padding-top: 40px !important;}&#8221;][vc_column_inner width=&#8221;1\/3&#8243;][services_small icon_color=&#8221;#6411d9&#8243; dynamic_content_type=&#8221;content&#8221; icon=&#8221;moon-checkmark-3&#8243;]Diminui\u00e7\u00e3o da taxa de sinistralidade atrav\u00e9s da monitoriza\u00e7\u00e3o do comportamento das pessoas na estrada, a fim de implementar a\u00e7\u00f5es.[\/services_small][\/vc_column_inner][vc_column_inner width=&#8221;1\/3&#8243;][services_small icon_color=&#8221;#6411d9&#8243; dynamic_content_type=&#8221;content&#8221; icon=&#8221;moon-checkmark-3&#8243;]Maior efic\u00e1cia no controle, acompanhamento e fiscaliza\u00e7\u00e3o dos infratores por descumprimento das normas de tr\u00e2nsito.[\/services_small][\/vc_column_inner][vc_column_inner width=&#8221;1\/3&#8243;][services_small icon_color=&#8221;#6411d9&#8243; dynamic_content_type=&#8221;content&#8221; icon=&#8221;moon-checkmark-3&#8243;]Apoio \u00e0 Autoridade nas fun\u00e7\u00f5es de controle do tr\u00e1fego.[\/services_small][\/vc_column_inner][\/vc_row_inner][\/vc_column][\/vc_row][vc_row full_width=&#8221;stretch_row_content_no_spaces&#8221; content_placement=&#8221;middle&#8221; type=&#8221;full_width_background&#8221;][vc_column width=&#8221;2\/12&#8243;][\/vc_column][vc_column width=&#8221;5\/12&#8243; column_padding=&#8221;0%&#8221; css=&#8221;.vc_custom_1663277858321{margin-top: 0px !important;margin-bottom: 0px !important;padding-top: 0px !important;padding-bottom: 0px !important;}&#8221;][vc_custom_heading text=&#8221;Saiba mais sobre este projeto!&#8221; use_theme_fonts=&#8221;yes&#8221;][\/vc_column][vc_column width=&#8221;3\/12&#8243;][vc_raw_html]PGRpdiBjbGFzcz0id3BiX3dyYXBwZXIiPjxkaXYgY2xhc3M9IndwYl9jb250ZW50X2VsZW1lbnQgYnV0dG9uICI+PGEgY2xhc3M9ImJ0bi1idCBhbGlnbi1jZW50ZXIgZGVmYXVsdCAgICIgaHJlZj0iaHR0cHM6Ly93d3cubWVkZWxsaW4uZ292LmNvL21vdmlsaWRhZC9nZXJlbmNpYS1kZS1tb3ZpbGlkYWQtaHVtYW5hL3pvbmEtdXJiYW5hLWRlLWFpcmUtcHJvdGVnaWRvLW1lZGVsbGluIzp+OnRleHQ9RWwlMjBjb25jZXB0byUyMGRlJTIwWm9uYSUyMFVyYmFuYSxkZSUyMHRvZG8lMjBlbCUyMHZhbGxlJTIwZGUiIHRhcmdldD0iX2JsYW5rIj48c3Bhbj5DbGljayBoZXJlPC9zcGFuPjxzcGFuIGNsYXNzPSJvdmVybGF5Ij48L3NwYW4+PC9hPjwvZGl2PjwvZGl2Pg==[\/vc_raw_html][\/vc_column][vc_column width=&#8221;2\/12&#8243;][\/vc_column][\/vc_row][vc_section disable_element=&#8221;yes&#8221; css=&#8221;.vc_custom_1678462272491{margin-top: 8% !important;margin-bottom: 8% !important;}&#8221;][vc_row type=&#8221;full_width_content&#8221; bg_color=&#8221;#f3f4f7&#8243; top_padding=&#8221;30&#8243; bottom_padding=&#8221;30&#8243;][vc_column width=&#8221;1\/3&#8243; centered_cont=&#8221;true&#8221; centered_cont_vertical=&#8221;true&#8221;][block_title inner_style_title=&#8221;only_text&#8221; title=&#8221;Clients&#8221;][\/block_title][\/vc_column][vc_column width=&#8221;2\/3&#8243; css=&#8221;.vc_custom_1664235627909{padding-right: 6% !important;}&#8221;]<p style=\"color:#cf7e16;background:#fff5e8;padding:10px;font-size:16px;border:1px solid #f1d7b5;border-radius:4px;line-height:1.6;\">GS Logo Slider: The shortcode with the ID of <strong>2<\/strong> was not found.<\/p>[\/vc_column][\/vc_row][\/vc_section][vc_row][vc_column width=&#8221;1\/4&#8243; css=&#8221;.vc_custom_1663356676248{padding-top: 80px !important;}&#8221;][vc_custom_heading text=&#8221;Saiba mais sobre&#8221; font_container=&#8221;tag:h1|text_align:left&#8221; use_theme_fonts=&#8221;yes&#8221; css=&#8221;.vc_custom_1741716272766{padding-top: 30px !important;}&#8221;][vc_custom_heading text=&#8221;As nossas solu\u00e7\u00f5es&#8221; font_container=&#8221;tag:h1|text_align:left|color:%234e0da9&#8243; use_theme_fonts=&#8221;yes&#8221;][\/vc_column][vc_column width=&#8221;3\/4&#8243; column_padding=&#8221;5%&#8221;][recent_portfolio style=&#8221;basic_effect&#8221; columns=&#8221;3&#8243; rows=&#8221;2&#8243; from_where=&#8221;cat&#8221; category=&#8221;&#8221;][\/vc_column][\/vc_row]<\/p>\n<\/section>","protected":false},"excerpt":{"rendered":"<p>[vc_row full_width=&#8221;stretch_row_content_no_spaces&#8221; parallax=&#8221;content-moving-fade&#8221; bg_image=&#8221;16881&#8243; bg_color=&#8221;#262236&#8243; text_color=&#8221;light&#8221; top_padding=&#8221;150&#8243; bottom_padding=&#8221;150&#8243;][vc_column][vc_custom_heading text=&#8221;Taxa de congestionamento e controle das zonas a\u00e9reas urbanas protegidas&#8221; font_container=&#8221;tag:h1|text_align:left|color:%23ffffff&#8221; use_theme_fonts=&#8221;yes&#8221; css=&#8221;.vc_custom_1741715408148{padding-top: 80px !important;padding-right: 20px !important;padding-left: 20px !important;}&#8221;][\/vc_column][\/vc_row][vc_row top_padding=&#8221;40&#8243; bottom_padding=&#8221;40&#8243;][vc_column][vc_row_inner][vc_column_inner width=&#8221;2\/3&#8243;][block_title style=&#8221;column_title&#8221; inner_style=&#8221;inline_border_circle&#8221; title=&#8221;Uma solu\u00e7\u00e3o que visa reduzir o impacto ambiental negativo do tr\u00e1fego na cidade, bem como encontrar outra alternativa para financiar os transportes p\u00fablicos.&#8221;][\/block_title][\/vc_column_inner][vc_column_inner [&hellip;]<\/p>\n","protected":false},"author":1,"featured_media":0,"parent":0,"menu_order":0,"comment_status":"closed","ping_status":"closed","template":"","meta":{"footnotes":""},"class_list":["post-20368","page","type-page","status-publish","hentry"],"yoast_head":"<!-- This site is optimized with the Yoast SEO Premium plugin v15.6.2 - https:\/\/yoast.com\/wordpress\/plugins\/seo\/ -->\n<title>Encarregado do Controle do Congestionamento e das Zonas A\u00e9reas Urbanas Protegidas | Quipux<\/title>\n<meta name=\"robots\" content=\"index, follow, max-snippet:-1, max-image-preview:large, max-video-preview:-1\" \/>\n<link rel=\"canonical\" href=\"https:\/\/www.quipux.com\/web\/charge-of-congestion-and-urban-protected-air-zone-control\/?lang=pt-br\" \/>\n<meta property=\"og:locale\" content=\"es_ES\" \/>\n<meta property=\"og:type\" content=\"article\" \/>\n<meta property=\"og:title\" content=\"Encarregado do Controle do Congestionamento e das Zonas A\u00e9reas Urbanas Protegidas | Quipux\" \/>\n<meta property=\"og:description\" content=\"[vc_row full_width=&#8221;stretch_row_content_no_spaces&#8221; parallax=&#8221;content-moving-fade&#8221; bg_image=&#8221;16881&#8243; bg_color=&#8221;#262236&#8243; text_color=&#8221;light&#8221; top_padding=&#8221;150&#8243; bottom_padding=&#8221;150&#8243;][vc_column][vc_custom_heading text=&#8221;Taxa de congestionamento e controle das zonas a\u00e9reas urbanas protegidas&#8221; font_container=&#8221;tag:h1|text_align:left|color:%23ffffff&#8221; use_theme_fonts=&#8221;yes&#8221; css=&#8221;.vc_custom_1741715408148{padding-top: 80px !important;padding-right: 20px !important;padding-left: 20px !important;}&#8221;][\/vc_column][\/vc_row][vc_row top_padding=&#8221;40&#8243; bottom_padding=&#8221;40&#8243;][vc_column][vc_row_inner][vc_column_inner width=&#8221;2\/3&#8243;][block_title style=&#8221;column_title&#8221; inner_style=&#8221;inline_border_circle&#8221; title=&#8221;Uma solu\u00e7\u00e3o que visa reduzir o impacto ambiental negativo do tr\u00e1fego na cidade, bem como encontrar outra alternativa para financiar os transportes p\u00fablicos.&#8221;][\/block_title][\/vc_column_inner][vc_column_inner [&hellip;]\" \/>\n<meta property=\"og:url\" content=\"https:\/\/www.quipux.com\/web\/charge-of-congestion-and-urban-protected-air-zone-control\/?lang=pt-br\" \/>\n<meta property=\"og:site_name\" content=\"Quipux\" \/>\n<meta property=\"article:modified_time\" content=\"2025-03-11T18:05:39+00:00\" \/>\n<meta name=\"twitter:card\" content=\"summary_large_image\" \/>\n<meta name=\"twitter:label1\" content=\"Tiempo de lectura\">\n\t<meta name=\"twitter:data1\" content=\"2 minutos\">\n<script type=\"application\/ld+json\" class=\"yoast-schema-graph\">{\"@context\":\"https:\/\/schema.org\",\"@graph\":[{\"@type\":\"Organization\",\"@id\":\"https:\/\/www.quipux.com\/web\/#organization\",\"name\":\"Quipux\",\"url\":\"https:\/\/www.quipux.com\/web\/\",\"sameAs\":[],\"logo\":{\"@type\":\"ImageObject\",\"@id\":\"https:\/\/www.quipux.com\/web\/#logo\",\"inLanguage\":\"es\",\"url\":\"https:\/\/www.quipux.com\/web\/wp-content\/uploads\/2022\/10\/Logo-quipux-1.png\",\"width\":195,\"height\":41,\"caption\":\"Quipux\"},\"image\":{\"@id\":\"https:\/\/www.quipux.com\/web\/#logo\"}},{\"@type\":\"WebSite\",\"@id\":\"https:\/\/www.quipux.com\/web\/#website\",\"url\":\"https:\/\/www.quipux.com\/web\/\",\"name\":\"Quipux\",\"description\":\"\",\"publisher\":{\"@id\":\"https:\/\/www.quipux.com\/web\/#organization\"},\"potentialAction\":[{\"@type\":\"SearchAction\",\"target\":\"https:\/\/www.quipux.com\/web\/?s={search_term_string}\",\"query-input\":\"required name=search_term_string\"}],\"inLanguage\":\"es\"},{\"@type\":\"WebPage\",\"@id\":\"https:\/\/www.quipux.com\/web\/charge-of-congestion-and-urban-protected-air-zone-control\/?lang=pt-br#webpage\",\"url\":\"https:\/\/www.quipux.com\/web\/charge-of-congestion-and-urban-protected-air-zone-control\/?lang=pt-br\",\"name\":\"Encarregado do Controle do Congestionamento e das Zonas A\\u00e9reas Urbanas Protegidas | Quipux\",\"isPartOf\":{\"@id\":\"https:\/\/www.quipux.com\/web\/#website\"},\"datePublished\":\"2022-10-26T17:19:41+00:00\",\"dateModified\":\"2025-03-11T18:05:39+00:00\",\"inLanguage\":\"es\",\"potentialAction\":[{\"@type\":\"ReadAction\",\"target\":[\"https:\/\/www.quipux.com\/web\/charge-of-congestion-and-urban-protected-air-zone-control\/?lang=pt-br\"]}]}]}<\/script>\n<!-- \/ Yoast SEO Premium plugin. -->","_links":{"self":[{"href":"https:\/\/www.quipux.com\/web\/wp-json\/wp\/v2\/pages\/20368","targetHints":{"allow":["GET"]}}],"collection":[{"href":"https:\/\/www.quipux.com\/web\/wp-json\/wp\/v2\/pages"}],"about":[{"href":"https:\/\/www.quipux.com\/web\/wp-json\/wp\/v2\/types\/page"}],"author":[{"embeddable":true,"href":"https:\/\/www.quipux.com\/web\/wp-json\/wp\/v2\/users\/1"}],"replies":[{"embeddable":true,"href":"https:\/\/www.quipux.com\/web\/wp-json\/wp\/v2\/comments?post=20368"}],"version-history":[{"count":5,"href":"https:\/\/www.quipux.com\/web\/wp-json\/wp\/v2\/pages\/20368\/revisions"}],"predecessor-version":[{"id":20428,"href":"https:\/\/www.quipux.com\/web\/wp-json\/wp\/v2\/pages\/20368\/revisions\/20428"}],"wp:attachment":[{"href":"https:\/\/www.quipux.com\/web\/wp-json\/wp\/v2\/media?parent=20368"}],"curies":[{"name":"wp","href":"https:\/\/api.w.org\/{rel}","templated":true}]}}